{"id":1111,"date":"2025-06-27T10:23:15","date_gmt":"2025-06-27T09:23:15","guid":{"rendered":"https:\/\/woodahome.es\/producto\/marco-pequeno-para-pared-nut\/"},"modified":"2025-06-27T10:23:18","modified_gmt":"2025-06-27T09:23:18","slug":"marco-pequeno-para-pared-nut","status":"publish","type":"product","link":"https:\/\/woodahome.es\/en\/product\/marco-pequeno-para-pared-nut\/","title":{"rendered":"Marco peque\u00f1o para pared Nut"},"content":{"rendered":"<div class=\"lRu31\"><span class=\"HwtZe\" lang=\"es\" jsname=\"jqKxS\" jsaction=\"mouseup:Sxi9L,BR6jm; mousedown:qjlr0e\"><span class=\"jCAhz ChMk0b\" jscontroller=\"Gn4SMb\" jsname=\"txFAF\" jsaction=\"agoMJf:PFBcW;MZfLnc:P7O7bd;nt4Alf:pvnm0e,pfE8Hb,PFBcW;B01qod:dJXsye;H1e5u:iXtTIf;lYIUJf:hij5Wb;bmeZHc:iURhpf;Oxj3Xe:qAKMYb,yaf12d\"><span class=\"ryNqvb\" jsname=\"W297wb\" jsaction=\"click:E6Tfl,GFf3ac,tMZCfe; contextmenu:Nqw7Te,QP7LD; mouseout:Nqw7Te; mouseover:E6Tfl,c2aHje\">Decoraci\u00f3n con musgo preservado para tus paredes.<br \/>Se trata de marcos de madera de pino cuidadosamente rellenos de musgo<br \/>preservado.<br \/>Ideal para agregar vegetaci\u00f3n a tu hogar sin necesidad de cuidados.<br \/>Al ser preservado, no necesita ning\u00fan tipo de mantenimiento, ni luz, ni agua,<br \/>mantiene su color y textura fresco para siempre.<br \/>Es musgo vivo pero tratado para que se conserve con aspecto fresco durante a\u00f1os.<br \/><\/span><\/span><\/span><\/div>\n<div class=\"lRu31\">\n<span class=\"HwtZe\" lang=\"es\" jsname=\"jqKxS\" jsaction=\"mouseup:Sxi9L,BR6jm; mousedown:qjlr0e\"><span class=\"jCAhz ChMk0b\" jscontroller=\"Gn4SMb\" jsname=\"txFAF\" jsaction=\"agoMJf:PFBcW;MZfLnc:P7O7bd;nt4Alf:pvnm0e,pfE8Hb,PFBcW;B01qod:dJXsye;H1e5u:iXtTIf;lYIUJf:hij5Wb;bmeZHc:iURhpf;Oxj3Xe:qAKMYb,yaf12d\"><span class=\"ryNqvb\" jsname=\"W297wb\" jsaction=\"click:E6Tfl,GFf3ac,tMZCfe; contextmenu:Nqw7Te,QP7LD; mouseout:Nqw7Te; mouseover:E6Tfl,c2aHje\"><\/span><\/span><\/span>\n<\/div>\n<div class=\"lRu31\"><span class=\"HwtZe\" lang=\"es\" jsname=\"jqKxS\" jsaction=\"mouseup:Sxi9L,BR6jm; mousedown:qjlr0e\"><span class=\"jCAhz ChMk0b\" jscontroller=\"Gn4SMb\" jsname=\"txFAF\" jsaction=\"agoMJf:PFBcW;MZfLnc:P7O7bd;nt4Alf:pvnm0e,pfE8Hb,PFBcW;B01qod:dJXsye;H1e5u:iXtTIf;lYIUJf:hij5Wb;bmeZHc:iURhpf;Oxj3Xe:qAKMYb,yaf12d\"><span class=\"ryNqvb\" jsname=\"W297wb\" jsaction=\"click:E6Tfl,GFf3ac,tMZCfe; contextmenu:Nqw7Te,QP7LD; mouseout:Nqw7Te; mouseover:E6Tfl,c2aHje\">La medida del marco de madera es de 46 cm de alto x 10 cm de ancho y 4,5<br \/>cm de profundidad.<br \/><\/span><\/span><\/span><\/div>\n<div class=\"lRu31\">\n<span class=\"HwtZe\" lang=\"es\" jsname=\"jqKxS\" jsaction=\"mouseup:Sxi9L,BR6jm; mousedown:qjlr0e\"><span class=\"jCAhz ChMk0b\" jscontroller=\"Gn4SMb\" jsname=\"txFAF\" jsaction=\"agoMJf:PFBcW;MZfLnc:P7O7bd;nt4Alf:pvnm0e,pfE8Hb,PFBcW;B01qod:dJXsye;H1e5u:iXtTIf;lYIUJf:hij5Wb;bmeZHc:iURhpf;Oxj3Xe:qAKMYb,yaf12d\"><span class=\"ryNqvb\" jsname=\"W297wb\" jsaction=\"click:E6Tfl,GFf3ac,tMZCfe; contextmenu:Nqw7Te,QP7LD; mouseout:Nqw7Te; mouseover:E6Tfl,c2aHje\"><\/span><\/span><\/span>\n<\/div>\n<div class=\"lRu31\"><span class=\"HwtZe\" lang=\"es\" jsname=\"jqKxS\" jsaction=\"mouseup:Sxi9L,BR6jm; mousedown:qjlr0e\"><span class=\"jCAhz ChMk0b\" jscontroller=\"Gn4SMb\" jsname=\"txFAF\" jsaction=\"agoMJf:PFBcW;MZfLnc:P7O7bd;nt4Alf:pvnm0e,pfE8Hb,PFBcW;B01qod:dJXsye;H1e5u:iXtTIf;lYIUJf:hij5Wb;bmeZHc:iURhpf;Oxj3Xe:qAKMYb,yaf12d\"><span class=\"ryNqvb\" jsname=\"W297wb\" jsaction=\"click:E6Tfl,GFf3ac,tMZCfe; contextmenu:Nqw7Te,QP7LD; mouseout:Nqw7Te; mouseover:E6Tfl,c2aHje\">Tiene un soporte dentado en la parte posterior para colgar en la pared<br \/>c\u00f3modamente.<br \/>Son ligeros y se cuelgan f\u00e1cilmente.<br \/><\/span><\/span><\/span><\/div>\n<div class=\"lRu31\">\n<span class=\"HwtZe\" lang=\"es\" jsname=\"jqKxS\" jsaction=\"mouseup:Sxi9L,BR6jm; mousedown:qjlr0e\"><span class=\"jCAhz ChMk0b\" jscontroller=\"Gn4SMb\" jsname=\"txFAF\" jsaction=\"agoMJf:PFBcW;MZfLnc:P7O7bd;nt4Alf:pvnm0e,pfE8Hb,PFBcW;B01qod:dJXsye;H1e5u:iXtTIf;lYIUJf:hij5Wb;bmeZHc:iURhpf;Oxj3Xe:qAKMYb,yaf12d\"><span class=\"ryNqvb\" jsname=\"W297wb\" jsaction=\"click:E6Tfl,GFf3ac,tMZCfe; contextmenu:Nqw7Te,QP7LD; mouseout:Nqw7Te; mouseover:E6Tfl,c2aHje\"><\/span><\/span><\/span>\n<\/div>\n<div class=\"lRu31\">\n<span class=\"HwtZe\" lang=\"es\" jsname=\"jqKxS\" jsaction=\"mouseup:Sxi9L,BR6jm; mousedown:qjlr0e\"><span class=\"jCAhz ChMk0b\" jscontroller=\"Gn4SMb\" jsname=\"txFAF\" jsaction=\"agoMJf:PFBcW;MZfLnc:P7O7bd;nt4Alf:pvnm0e,pfE8Hb,PFBcW;B01qod:dJXsye;H1e5u:iXtTIf;lYIUJf:hij5Wb;bmeZHc:iURhpf;Oxj3Xe:qAKMYb,yaf12d\"><span class=\"ryNqvb\" jsname=\"W297wb\" jsaction=\"click:E6Tfl,GFf3ac,tMZCfe; contextmenu:Nqw7Te,QP7LD; mouseout:Nqw7Te; mouseover:E6Tfl,c2aHje\">Tambi\u00e9n puedes elegir el color de la madera que enmarca el musgo.<br \/>El color de las fotograf\u00edas es el color Nut<\/span><\/span><\/span><span class=\"ZSCsVd\"><\/span>\n<\/div>\n<div data-location=\"2\" class=\"UdTY9 WdefRb\" aria-hidden=\"true\" jsname=\"c3wAjc\" jscontroller=\"ZbunN\" jsaction=\"agoMJf:gXkcrf;h5CHLc:RHer4,P6Fjxb;rpiAHc:GitQp,fNH7he\">\n<div class=\"kO6q6e\" jsname=\"jTaUub\"><\/div>\n<\/div>\n<div class=\"VO9ucd\" jsaction=\"JIbuQc:WDL0xb(vLv7Lb),DSQAtf(kImuFf),ZRWqcb(kImuFf),FeoNK(rhPddf),X9gwPe(rhPddf)\">\n<div data-result-index=\"1\" data-results-count=\"1\" data-enable-toggle-playback-speed=\"true\" data-location=\"2\" data-crosslingual-hint=\"\" data-text=\"Se trata de madera r\u00fastica de pino cuidadosamente rellena de musgo preservado. Un regalo ideal para la casa o simplemente a\u00f1adir vegetaci\u00f3n a tu hogar sin necesidad de cuidados.Al estar conservado, no necesita ning\u00fan tipo de mantenimiento, manteniendo su color y textura frescos para siempre.Tampoco es necesario darle luz. Una forma c\u00f3moda de decorar con verde sin tener que prestar atenci\u00f3n.La medida del marco de madera es de 43 cms. = 17 pulgadas de largo x 9 cms. ancho = 3,55 pulgadas. Y de profundidad 4,5 cms. = 1,77 pulgadas.Tiene un soporte con muescas en la parte trasera para colgarlo en la pared c\u00f3modamente.Pero puedes elegir en opciones que te lo entreguen con cinta adhesiva.\u00bfPara esto? Porque tal vez quieras colocarlo en paredes de azulejos donde no quieras hacer agujeros...En ba\u00f1os o porcelanato... As\u00ed que te doy la opci\u00f3n de hacerlo adhesivo para que lo pegues a la pared y el d\u00eda que lo quieras quitar no se da\u00f1e.Tambi\u00e9n puedes elegir el color de la madera que enmarca el musgo.El tono de la madera de la fotograf\u00eda es color Nut.\" data-language-name=\"espa\u00f1ol\" data-language-code=\"es\" class=\"aJIq1d\" jsname=\"Xk9Utf\" jsmodel=\"WCciof\" jscontroller=\"JNcm2e\" jslog=\"174272; track:JIbuQc;\" jsaction=\"click:Gbxe1; mouseover:hhMOkf;JIbuQc:PreYxb;OBoCn:mVk5Z,lCU3Od;Ty8gnd:HPNHWd;NWKMf:kyVNJ;vcrU3d:Zlhgrb,UK2BE,AF7SHc,nkwrxd;HOIUFe:HPNHWd,kyVNJ,SuUFRb;Q8Drrd:HPNHWd,kyVNJ,vnX0N;aTptWe:Ln2vo;vvtHud:oKcBzb,xFzAKb;l1LAxc:nEgk5e\"><br \/>\n<span data-irrelevant-id=\"ucc-273\"><\/span><\/p>\n<div class=\"m0Qfkd\">\n<span data-is-tooltip-wrapper=\"true\"><\/span>\n<\/div>\n<\/div>\n<\/div>\n<p>\u00a0<\/p>","protected":false},"excerpt":{"rendered":"<p>Decoraci\u00f3n con musgo preservado para tus paredes.Se trata de marcos de madera de pino cuidadosamente rellenos de musgopreservado.Ideal para agregar vegetaci\u00f3n a tu hogar sin necesidad de cuidados.Al ser preservado, no necesita ning\u00fan tipo de mantenimiento, ni luz, ni agua,mantiene su color y textura fresco para siempre.Es musgo vivo pero tratado para que se conserve [&hellip;]<\/p>\n","protected":false},"featured_media":1434,"comment_status":"open","ping_status":"closed","template":"","meta":{"_joinchat":[]},"product_brand":[],"product_cat":[87],"product_tag":[38,39,40,41,42,43,44,45,46,47,48,49,50,51,52,53,54,55,56,57,58],"class_list":{"0":"post-1111","1":"product","2":"type-product","3":"status-publish","4":"has-post-thumbnail","6":"product_cat-marcos-de-musgo-preservado","7":"product_tag-decoracion","8":"product_tag-decoracion-en-madera","9":"product_tag-decoracion-interior","10":"product_tag-decoracion-nordica","11":"product_tag-decoracion-pared","12":"product_tag-diseno-interior","13":"product_tag-estilo-escandinavo","14":"product_tag-estilo-nordico","15":"product_tag-hogar","16":"product_tag-jardines-verticales","17":"product_tag-macetero","18":"product_tag-macetero-colgante","19":"product_tag-madera","20":"product_tag-madera-rustica","21":"product_tag-original","22":"product_tag-plantas","23":"product_tag-plantas-de-interior","24":"product_tag-plantas-secas","25":"product_tag-regalos","26":"product_tag-set-de-2","27":"product_tag-set-de-3","29":"first","30":"instock","31":"taxable","32":"shipping-taxable","33":"purchasable","34":"product-type-variable"},"_links":{"self":[{"href":"https:\/\/woodahome.es\/en\/wp-json\/wp\/v2\/product\/1111","targetHints":{"allow":["GET"]}}],"collection":[{"href":"https:\/\/woodahome.es\/en\/wp-json\/wp\/v2\/product"}],"about":[{"href":"https:\/\/woodahome.es\/en\/wp-json\/wp\/v2\/types\/product"}],"replies":[{"embeddable":true,"href":"https:\/\/woodahome.es\/en\/wp-json\/wp\/v2\/comments?post=1111"}],"wp:featuredmedia":[{"embeddable":true,"href":"https:\/\/woodahome.es\/en\/wp-json\/wp\/v2\/media\/1434"}],"wp:attachment":[{"href":"https:\/\/woodahome.es\/en\/wp-json\/wp\/v2\/media?parent=1111"}],"wp:term":[{"taxonomy":"product_brand","embeddable":true,"href":"https:\/\/woodahome.es\/en\/wp-json\/wp\/v2\/product_brand?post=1111"},{"taxonomy":"product_cat","embeddable":true,"href":"https:\/\/woodahome.es\/en\/wp-json\/wp\/v2\/product_cat?post=1111"},{"taxonomy":"product_tag","embeddable":true,"href":"https:\/\/woodahome.es\/en\/wp-json\/wp\/v2\/product_tag?post=1111"}],"curies":[{"name":"wp","href":"https:\/\/api.w.org\/{rel}","templated":true}]}}