{"id":994,"date":"2025-06-27T10:22:33","date_gmt":"2025-06-27T09:22:33","guid":{"rendered":"https:\/\/woodahome.es\/producto\/cuadro-vertical-grande-para-pared-tostado\/"},"modified":"2025-06-27T10:22:39","modified_gmt":"2025-06-27T09:22:39","slug":"cuadro-vertical-grande-para-pared-tostado","status":"publish","type":"product","link":"https:\/\/woodahome.es\/en\/product\/cuadro-vertical-grande-para-pared-tostado\/","title":{"rendered":"Cuadro vertical grande para pared Tostado"},"content":{"rendered":"<p><span lang=\"es\" class=\"HwtZe\" jsaction=\"mouseup:Sxi9L,BR6jm; mousedown:qjlr0e\" jsname=\"jqKxS\"><span class=\"jCAhz ChMk0b\" jsaction=\"agoMJf:PFBcW;MZfLnc:P7O7bd;nt4Alf:pvnm0e,pfE8Hb,PFBcW;B01qod:dJXsye;H1e5u:iXtTIf;lYIUJf:hij5Wb;bmeZHc:iURhpf;Oxj3Xe:qAKMYb,yaf12d\" jsname=\"txFAF\" jscontroller=\"Gn4SMb\"><span class=\"ryNqvb\" jsaction=\"click:E6Tfl,GFf3ac,tMZCfe; contextmenu:Nqw7Te,QP7LD; mouseout:Nqw7Te; mouseover:E6Tfl,c2aHje\" jsname=\"W297wb\">Decoraci\u00f3n con musgo preservado para tus paredes.<br \/>Se trata de marcos de madera de pino cuidadosamente rellenos de musgo<br \/>preservado.<br \/>Ideal para agregar vegetaci\u00f3n a tu hogar sin necesidad de cuidados.<br \/>Al ser preservado, no necesita ning\u00fan tipo de mantenimiento, ni luz, ni agua,\u00a0mantiene su color y textura fresco para siempre.<br \/><\/span><\/span><\/span><\/p>\n<p><span lang=\"es\" class=\"HwtZe\" jsaction=\"mouseup:Sxi9L,BR6jm; mousedown:qjlr0e\" jsname=\"jqKxS\"><span class=\"jCAhz ChMk0b\" jsaction=\"agoMJf:PFBcW;MZfLnc:P7O7bd;nt4Alf:pvnm0e,pfE8Hb,PFBcW;B01qod:dJXsye;H1e5u:iXtTIf;lYIUJf:hij5Wb;bmeZHc:iURhpf;Oxj3Xe:qAKMYb,yaf12d\" jsname=\"txFAF\" jscontroller=\"Gn4SMb\"><span class=\"ryNqvb\" jsaction=\"click:E6Tfl,GFf3ac,tMZCfe; contextmenu:Nqw7Te,QP7LD; mouseout:Nqw7Te; mouseover:E6Tfl,c2aHje\" jsname=\"W297wb\">La medida del marco de madera es de 80 cm de alto x 20 cm de ancho y 4,5<br \/>cm de profundidad.<br \/><\/span><\/span><\/span><\/p>\n<p><span lang=\"es\" class=\"HwtZe\" jsaction=\"mouseup:Sxi9L,BR6jm; mousedown:qjlr0e\" jsname=\"jqKxS\"><span class=\"jCAhz ChMk0b\" jsaction=\"agoMJf:PFBcW;MZfLnc:P7O7bd;nt4Alf:pvnm0e,pfE8Hb,PFBcW;B01qod:dJXsye;H1e5u:iXtTIf;lYIUJf:hij5Wb;bmeZHc:iURhpf;Oxj3Xe:qAKMYb,yaf12d\" jsname=\"txFAF\" jscontroller=\"Gn4SMb\"><span class=\"ryNqvb\" jsaction=\"click:E6Tfl,GFf3ac,tMZCfe; contextmenu:Nqw7Te,QP7LD; mouseout:Nqw7Te; mouseover:E6Tfl,c2aHje\" jsname=\"W297wb\">Tiene un soporte dentado en la parte posterior para colgar en la pared\u00a0c\u00f3modamente.<br \/>Son ligeros y se cuelgan f\u00e1cilmente.<br \/><\/span><\/span><\/span><\/p>\n<p><span lang=\"es\" class=\"HwtZe\" jsaction=\"mouseup:Sxi9L,BR6jm; mousedown:qjlr0e\" jsname=\"jqKxS\"><span class=\"jCAhz ChMk0b\" jsaction=\"agoMJf:PFBcW;MZfLnc:P7O7bd;nt4Alf:pvnm0e,pfE8Hb,PFBcW;B01qod:dJXsye;H1e5u:iXtTIf;lYIUJf:hij5Wb;bmeZHc:iURhpf;Oxj3Xe:qAKMYb,yaf12d\" jsname=\"txFAF\" jscontroller=\"Gn4SMb\"><span class=\"ryNqvb\" jsaction=\"click:E6Tfl,GFf3ac,tMZCfe; contextmenu:Nqw7Te,QP7LD; mouseout:Nqw7Te; mouseover:E6Tfl,c2aHje\" jsname=\"W297wb\">Tambi\u00e9n puedes elegir el color de la madera que enmarca el musgo.<br \/>El color de las fotograf\u00edas es el color Tostado.<\/span><\/span><\/span><\/p>\n<div aria-hidden=\"true\" class=\"UdTY9 WdefRb\" data-location=\"2\" jsaction=\"agoMJf:gXkcrf;h5CHLc:RHer4,P6Fjxb;rpiAHc:GitQp,fNH7he\" jscontroller=\"ZbunN\" jsname=\"c3wAjc\">\n<div class=\"kO6q6e\" jsname=\"jTaUub\"><\/div>\n<\/div>\n<div class=\"VO9ucd\" jsaction=\"JIbuQc:WDL0xb(vLv7Lb),DSQAtf(kImuFf),ZRWqcb(kImuFf),FeoNK(rhPddf),X9gwPe(rhPddf)\">\n<div class=\"aJIq1d\" data-language-code=\"es\" data-language-name=\"espa\u00f1ol\" data-text=\"Se trata de madera r\u00fastica de pino cuidadosamente rellena de musgo preservado. Un regalo ideal para la casa o simplemente a\u00f1adir vegetaci\u00f3n a tu hogar sin necesidad de cuidados.Al estar conservado, no necesita ning\u00fan tipo de mantenimiento, manteniendo su color y textura frescos para siempre.Tampoco es necesario darle luz. Una forma c\u00f3moda de decorar con verde sin tener que prestar atenci\u00f3n.La medida del marco de madera es de 43 cms. = 17 pulgadas de largo x 9 cms. ancho = 3,55 pulgadas. Y de profundidad 4,5 cms. = 1,77 pulgadas.Tiene un soporte con muescas en la parte trasera para colgarlo en la pared c\u00f3modamente.Pero puedes elegir en opciones que te lo entreguen con cinta adhesiva.\u00bfPara esto? Porque tal vez quieras colocarlo en paredes de azulejos donde no quieras hacer agujeros...En ba\u00f1os o porcelanato... As\u00ed que te doy la opci\u00f3n de hacerlo adhesivo para que lo pegues a la pared y el d\u00eda que lo quieras quitar no se da\u00f1e.Tambi\u00e9n puedes elegir el color de la madera que enmarca el musgo.El tono de la madera de la fotograf\u00eda es color Nut.\" data-crosslingual-hint=\"\" data-location=\"2\" data-enable-toggle-playback-speed=\"true\" data-results-count=\"1\" data-result-index=\"1\" jsaction=\"click:Gbxe1; mouseover:hhMOkf;JIbuQc:PreYxb;OBoCn:mVk5Z,lCU3Od;Ty8gnd:HPNHWd;NWKMf:kyVNJ;vcrU3d:Zlhgrb,UK2BE,AF7SHc,nkwrxd;HOIUFe:HPNHWd,kyVNJ,SuUFRb;Q8Drrd:HPNHWd,kyVNJ,vnX0N;aTptWe:Ln2vo;vvtHud:oKcBzb,xFzAKb;l1LAxc:nEgk5e\" jslog=\"174272; track:JIbuQc;\" jscontroller=\"JNcm2e\" jsmodel=\"WCciof\" jsname=\"Xk9Utf\"><br \/>\n<span data-irrelevant-id=\"ucc-273\"><\/span><\/p>\n<div class=\"m0Qfkd\">\n<span data-is-tooltip-wrapper=\"true\"><\/span>\n<\/div>\n<\/div>\n<\/div>\n<p>\u00a0<\/p>","protected":false},"excerpt":{"rendered":"<p>Decoraci\u00f3n con musgo preservado para tus paredes.Se trata de marcos de madera de pino cuidadosamente rellenos de musgopreservado.Ideal para agregar vegetaci\u00f3n a tu hogar sin necesidad de cuidados.Al ser preservado, no necesita ning\u00fan tipo de mantenimiento, ni luz, ni agua,\u00a0mantiene su color y textura fresco para siempre. La medida del marco de madera es de [&hellip;]<\/p>\n","protected":false},"featured_media":1240,"comment_status":"open","ping_status":"closed","template":"","meta":{"_joinchat":[]},"product_brand":[],"product_cat":[87],"product_tag":[38,39,40,42,43,45,47,51,52,56],"class_list":{"0":"post-994","1":"product","2":"type-product","3":"status-publish","4":"has-post-thumbnail","6":"product_cat-marcos-de-musgo-preservado","7":"product_tag-decoracion","8":"product_tag-decoracion-en-madera","9":"product_tag-decoracion-interior","10":"product_tag-decoracion-pared","11":"product_tag-diseno-interior","12":"product_tag-estilo-nordico","13":"product_tag-jardines-verticales","14":"product_tag-madera-rustica","15":"product_tag-original","16":"product_tag-regalos","18":"first","19":"instock","20":"taxable","21":"shipping-taxable","22":"purchasable","23":"product-type-variable"},"_links":{"self":[{"href":"https:\/\/woodahome.es\/en\/wp-json\/wp\/v2\/product\/994","targetHints":{"allow":["GET"]}}],"collection":[{"href":"https:\/\/woodahome.es\/en\/wp-json\/wp\/v2\/product"}],"about":[{"href":"https:\/\/woodahome.es\/en\/wp-json\/wp\/v2\/types\/product"}],"replies":[{"embeddable":true,"href":"https:\/\/woodahome.es\/en\/wp-json\/wp\/v2\/comments?post=994"}],"wp:featuredmedia":[{"embeddable":true,"href":"https:\/\/woodahome.es\/en\/wp-json\/wp\/v2\/media\/1240"}],"wp:attachment":[{"href":"https:\/\/woodahome.es\/en\/wp-json\/wp\/v2\/media?parent=994"}],"wp:term":[{"taxonomy":"product_brand","embeddable":true,"href":"https:\/\/woodahome.es\/en\/wp-json\/wp\/v2\/product_brand?post=994"},{"taxonomy":"product_cat","embeddable":true,"href":"https:\/\/woodahome.es\/en\/wp-json\/wp\/v2\/product_cat?post=994"},{"taxonomy":"product_tag","embeddable":true,"href":"https:\/\/woodahome.es\/en\/wp-json\/wp\/v2\/product_tag?post=994"}],"curies":[{"name":"wp","href":"https:\/\/api.w.org\/{rel}","templated":true}]}}